{"id":3,"date":"2022-04-28T17:51:11","date_gmt":"2022-04-28T15:51:11","guid":{"rendered":"https:\/\/blog.trans.zhdk.ch\/watdo\/?page_id=2"},"modified":"2022-06-07T09:15:32","modified_gmt":"2022-06-07T07:15:32","slug":"index","status":"publish","type":"page","link":"https:\/\/blog.mtr.zhdk.ch\/watdo\/","title":{"rendered":"Landing"},"content":{"rendered":"\n<p>Dies ist eine Beispiel-Seite. Sie unterscheidet sich von Beitr\u00e4gen, da sie stets an derselben Stelle bleibt und (bei den meisten Themes) in der Website-Navigation angezeigt wird. Die meisten starten mit einem Impressum, der Datenschutzerkl\u00e4rung oder einer \u201e\u00dcber&nbsp;uns\u201c-Seite, um sich potenziellen Besuchern der Website vorzustellen. Dort k\u00f6nnte zum Beispiel stehen:<\/p>\n\n\n\n<blockquote class=\"wp-block-quote is-layout-flow wp-block-quote-is-layout-flow\"><p>Hallo! Tags\u00fcber arbeite ich als Fahrradkurier, nachts bin ich ein aufstrebender Schauspieler und dies hier ist meine Website. Ich lebe in Berlin, habe einen gro\u00dfen Hund namens Jack, mag Pi&#241;a Coladas, jedoch weniger (ohne Schirm) im Regen stehen gelassen zu werden<\/p><\/blockquote>\n\n\n\n<p>&#8230;&nbsp;oder so etwas wie das hier:<\/p>\n\n\n\n<blockquote class=\"wp-block-quote is-layout-flow wp-block-quote-is-layout-flow\"><p>Das Unternehmen XYZ wurde 1971 gegr\u00fcndet und versorgt die \u00d6ffentlichkeit seither mit qualitativ hochwertigen Produkten. An seinem Standort in einer kleinen Gro\u00dfstadt besch\u00e4ftigt der Betrieb \u00fcber 2.000 Menschen und unterst\u00fctzt die Stadtbewohner in vielfacher Hinsicht.<\/p><\/blockquote>\n\n\n\n<p>Als neuer WordPress-Benutzer sollten Sie <a href=\"https:\/\/blog.mtr.zhdk.ch\/watdo\/wp-admin\/\">Ihr Dashboard<\/a> aufrufen, um diese Seite zu l\u00f6schen und neue Seiten und Beitr\u00e4ge f\u00fcr Ihre Website erstellen. Viel Spa\u00df!<\/p>\n","protected":false},"excerpt":{"rendered":"<p>Dies ist eine Beispiel-Seite. Sie unterscheidet sich von Beitr\u00e4gen, da sie stets an derselben Stelle bleibt und (bei den meisten Themes) in der Website-Navigation angezeigt wird. Die meisten starten mit einem Impressum, der Datenschutzerkl\u00e4rung oder einer \u201e\u00dcber&nbsp;uns\u201c-Seite, um sich potenziellen Besuchern der Website vorzustellen. Dort k\u00f6nnte zum Beispiel stehen: Hallo! Tags\u00fcber arbeite ich als Fahrradkurier, [&hellip;]<\/p>\n","protected":false},"author":1,"featured_media":0,"parent":0,"menu_order":1,"comment_status":"closed","ping_status":"open","template":"","meta":{"h5ap_radio_sources":[],"_links_to":"","_links_to_target":""},"class_list":["post-3","page","type-page","status-publish","hentry"],"grid":"{\r\n  \"colCount\": 12,\r\n  \"colGutter\": 1,\r\n  \"rowGutters\": [\r\n    5,\r\n    10,\r\n    5\r\n  ],\r\n  \"frameMargin\": 5,\r\n  \"leftFrameMargin\": 2,\r\n  \"rightFrameMargin\": 2,\r\n  \"topFrameMargin\": 250,\r\n  \"bottomFrameMargin\": 15,\r\n  \"rowAttrs\": [\r\n    {},\r\n    {},\r\n    {},\r\n    {}\r\n  ],\r\n  \"bgColor\": null,\r\n  \"bgImage\": null,\r\n  \"cont\": [\r\n    {\r\n      \"type\": \"text\",\r\n      \"cont\": \"<h2 class=\\\"_Topol_Title\\\">wat do<\/h2>\\n<p>\u00a0<\/p>\\n<p class=\\\"_Navigation\\\"><span>Where am I now. With whom am I. What is here. How to be vulnerable, fluid, tangible, critical, multiple, collaborative, honest. What do I navigate with. Who am I for whom and how. How to be a person. How to be a body. How to relate. How to start and end, how to decide, how to listen, how to try. How to think-feel-be. How to want the right thing. How to not know.<\/span><\/p>\\n<p class=\\\"_Navigation\\\"><span>\u00a0<\/span><\/p>\\n<p class=\\\"_Navigation\\\"><span>This iteration of the annual exhibition of the MA Transdisciplinary Studies concerns itself with the question \u201cwat do\u201d. This memetic phrase in it\u2019s open-endedness captures a notion that pervades the practice and works of the exhibition\u2019s paritcipants but also the artistic pursuit itself: What is that we do? What is worth doing? And in contemporary conditions a important variantion: Wat the hell do?<br \/><\/span><\/p>\\n<p><span><br \/>9.6.\u2009\u2013\u200924.6.2022<br \/><\/span><span>Atelier Transdisziplinarit\u00e4t, <\/span><br \/><span>Raum 7.F03, Toni-Areal, <\/span><br \/><span>Pfingstweidstrasse 96, Z\u00fcrich<\/span><\/p>\\n<p>\u00a0<\/p>\",\r\n      \"align\": \"top\",\r\n      \"row\": 0,\r\n      \"col\": 2,\r\n      \"colspan\": 8,\r\n      \"offsetx\": 0,\r\n      \"offsety\": 0,\r\n      \"spaceabove\": 0,\r\n      \"spacebelow\": 0,\r\n      \"yvel\": 1,\r\n      \"push\": 2,\r\n      \"relid\": 4,\r\n      \"frameOverflow\": \"\"\r\n    },\r\n    {\r\n      \"type\": \"html\",\r\n      \"cont\": \"<style>.laynav { display:none !important; }<\/style>\",\r\n      \"align\": \"top\",\r\n      \"row\": 1,\r\n      \"col\": 5,\r\n      \"colspan\": 2,\r\n      \"offsetx\": 0,\r\n      \"offsety\": 0,\r\n      \"spaceabove\": 0,\r\n      \"spacebelow\": 0,\r\n      \"yvel\": 1,\r\n      \"push\": 5,\r\n      \"relid\": 5\r\n    },\r\n    {\r\n      \"type\": \"text\",\r\n      \"cont\": \"<p><span style=\\\"letter-spacing: 0em; font-family: topol_bold-webfont; font-size: 64px;\\\"><b>special walk-ins<\/b><\/span><\/p>\",\r\n      \"align\": \"bottom\",\r\n      \"row\": 2,\r\n      \"col\": 2,\r\n      \"colspan\": 8,\r\n      \"offsetx\": 0,\r\n      \"offsety\": 0,\r\n      \"spaceabove\": 0,\r\n      \"spacebelow\": 0,\r\n      \"yvel\": 1,\r\n      \"push\": 2,\r\n      \"relid\": 6,\r\n      \"frameOverflow\": \"\",\r\n      \"dosync\": false\r\n    },\r\n    {\r\n      \"type\": \"text\",\r\n      \"cont\": \"<p style=\\\"line-height: 1;\\\"><span style=\\\"font-family: topol_bold-webfont; font-size: 36px;\\\">9.6. Opening<\/span><\/p>\\n<p style=\\\"line-height: 1;\\\"><span style=\\\"font-size: 24px;\\\">17:00 \u2013 19:00<\/span><br \/><span style=\\\"font-size: 24px;\\\">TEMA \u2013 House of Textile Matters<\/span><br \/><span style=\\\"font-size: 24px;\\\">von Lilian Wicky<\/span><br \/><span style=\\\"font-size: 24px;\\\">Materialarchiv | Bibliothek ZHdK<\/span><br \/><span style=\\\"font-size: 24px;\\\">Galeriegeschoss, 5. Etage<\/span><\/p>\\n<p style=\\\"line-height: 1;\\\"><span style=\\\"font-size: 24px;\\\">17:00 \u2013 19:00<\/span><br \/><span style=\\\"font-size: 24px;\\\">Installationen von<\/span><br \/><span style=\\\"font-size: 24px;\\\">Lilian Wicki und Oliver Brunko<\/span><br \/><span style=\\\"font-size: 24px;\\\">7.K12 vor dem Konzertsaal<\/span><\/p>\\n<p style=\\\"line-height: 1;\\\"><span style=\\\"font-size: 24px;\\\">18:00<\/span><br \/><span style=\\\"font-size: 24px;\\\">Opening wat do (mit Ap\u00e9ro)<\/span><\/p>\\n<p style=\\\"line-height: 1;\\\"><span style=\\\"font-size: 24px;\\\">19:00<\/span><br \/><span style=\\\"font-size: 24px;\\\">Release \u00abListen!\u00bb<\/span><br \/><span style=\\\"font-size: 24px;\\\">Jahrespublikation des Masters Transdisziplinarit\u00e4t<\/span><br \/><span style=\\\"font-size: 24px;\\\">von und mit Studierenden<\/span><br \/><span style=\\\"font-size: 24px;\\\">des Masters Transdisziplinarit\u00e4t<\/span><\/p>\\n<p style=\\\"line-height: 1;\\\">\u00a0<\/p>\\n<p style=\\\"line-height: 1;\\\"><span style=\\\"font-family: topol_bold-webfont; font-size: 36px;\\\">16.6. wat move <\/span><br \/><span style=\\\"font-family: topol_bold-webfont; font-size: 36px;\\\">night edition<\/span><\/p>\\n<p style=\\\"line-height: 1;\\\"><span style=\\\"font-size: 24px;\\\">22:00\u2009\u2013\u200904:00<\/span><br \/><span style=\\\"font-size: 24px;\\\">Party des Masters Transdisziplinarit\u00e4t <\/span><br \/><span style=\\\"font-size: 24px;\\\">vor dem Konzertsaal, 7.K12\u2009<\/span><br \/><span style=\\\"font-size: 24px;\\\">+\u2009Curateria des Master Art Education, 7.G01<\/span><\/p>\\n<p style=\\\"line-height: 1;\\\"><span style=\\\"font-size: 24px;\\\">mit cab, high.aif, <\/span><br \/><span style=\\\"font-size: 24px;\\\">Merlin Kasimir, Rakita, <\/span><br \/><span style=\\\"font-size: 24px;\\\">Tillup, vava_san und \u00aeiginal \u00a9py<\/span><\/p>\\n<p style=\\\"line-height: 1;\\\">\u00a0<\/p>\\n<p style=\\\"line-height: 1;\\\"><span style=\\\"font-family: topol_bold-webfont; font-size: 36px;\\\">22.6. der gro\u00dfe m\u00f6rder<br \/>ist ein gro\u00dfer kasper.<br \/>alles was er totschl\u00e4gt,<br \/>lebt lustig weiter<br \/><\/span><\/p>\\n<p style=\\\"line-height: 1;\\\"><span style=\\\"font-size: 24px;\\\">19:00<\/span><br \/><span style=\\\"font-size: 24px;\\\">Live Podcast von Johannes Hoffmann<br \/>Curateria des MA Art Education, 7.G01<\/span><\/p>\\n<p>\u00a0<\/p>\\n<p style=\\\"line-height: 1;\\\"><span style=\\\"font-family: topol_bold-webfont; font-size: 36px;\\\">23.6.\u2009\u2013\u200923.07.<\/span><br \/><span style=\\\"font-family: topol_bold-webfont; font-size: 36px;\\\">(in)tangible otherness,<\/span><br \/><span style=\\\"font-family: topol_bold-webfont; font-size: 36px;\\\">towards eco-empathic <\/span><br \/><span style=\\\"font-family: topol_bold-webfont; font-size: 36px;\\\">listening<\/span><\/p>\\n<p style=\\\"line-height: 1;\\\"><span style=\\\"font-size: 24px;\\\">Ausstellung von<br \/>M\u00e9lia Roger und Olena Iegorova<br \/>Workshop: 2.6. 14:00 \u2013 17:00<br \/>On Curating, Ausstellungsstr. 16, Zu\u0308rich<\/span><\/p>\\n<p style=\\\"line-height: 1;\\\">\u00a0<\/p>\\n<p style=\\\"line-height: 1;\\\"><span style=\\\"font-family: topol_bold-webfont; font-size: 36px;\\\">24.6. Texturing Space.<\/span><br \/><span style=\\\"font-family: topol_bold-webfont; font-size: 36px;\\\">Towards an Exponential<\/span><br \/><span style=\\\"font-family: topol_bold-webfont; font-size: 36px;\\\">Cartography<\/span><\/p>\\n<p style=\\\"line-height: 1;\\\"><span style=\\\"font-size: 24px;\\\">Buchvernissage von<br \/>Am\u00e9lie Brisson-Darveau<br \/>und Christoph Brunner (Eds.)<br \/><\/span><\/p>\\n<p style=\\\"line-height: 1;\\\"><span style=\\\"font-size: 24px;\\\">mit Beitr\u00e4gen ehemaliger<br \/>Studierende des MA Transdisziplinarit\u00e4t<br \/>Material, Raum fu\u0308r Buchkultur<br \/>Klingenstr. 23, 8005 Zu\u0308rich<\/span><\/p>\",\r\n      \"align\": \"top\",\r\n      \"row\": 3,\r\n      \"col\": 1,\r\n      \"colspan\": 10,\r\n      \"offsetx\": 0,\r\n      \"offsety\": 0,\r\n      \"spaceabove\": 0,\r\n      \"spacebelow\": 0,\r\n      \"yvel\": 1,\r\n      \"push\": 1,\r\n      \"relid\": 7,\r\n      \"frameOverflow\": \"\",\r\n      \"dosync\": false\r\n    }\r\n  ]\r\n}","phonegrid":"{\r\n  \"colCount\": 12,\r\n  \"colGutter\": 1,\r\n  \"rowGutters\": [\r\n    5,\r\n    5,\r\n    5\r\n  ],\r\n  \"frameMargin\": 5,\r\n  \"leftFrameMargin\": 5,\r\n  \"rightFrameMargin\": 5,\r\n  \"topFrameMargin\": \"15\",\r\n  \"bottomFrameMargin\": \"25\",\r\n  \"rowAttrs\": [\r\n    {},\r\n    {},\r\n    {},\r\n    {}\r\n  ],\r\n  \"bgColor\": null,\r\n  \"bgImage\": null,\r\n  \"cont\": [\r\n    {\r\n      \"type\": \"text\",\r\n      \"cont\": \"<h2 class=\\\"_Topol_Title\\\">wat do<\/h2>\\n<p>\u00a0<\/p>\\n<p class=\\\"_Navigation\\\"><span>Where am I now. With whom am I. What is here. How to be vulnerable, fluid, tangible, critical, multiple, collaborative, honest. What do I navigate with. Who am I for whom and how. How to be a person. How to be a body. How to relate. How to start and end, how to decide, how to listen, how to try. How to think-feel-be. How to want the right thing. How to not know.<\/span><\/p>\\n<p class=\\\"_Navigation\\\"><span>\u00a0<\/span><\/p>\\n<p class=\\\"_Navigation\\\"><span>This iteration of the annual exhibition of the MA Transdisciplinary Studies concerns itself with the question \u201cwat do\u201d. This memetic phrase in it\u2019s open-endedness captures a notion that pervades the practice and works of the exhibition\u2019s paritcipants but also the artistic pursuit itself: What is that we do? What is worth doing? And in contemporary conditions a important variantion: Wat the hell do?<br \/><\/span><\/p>\\n<p><span><br \/>9.6.\u2009\u2013\u200924.6.2022<br \/><\/span><span>Atelier Transdisziplinarit\u00e4t, <\/span><br \/><span>Raum 7.F03, Toni-Areal, <\/span><br \/><span>Pfingstweidstrasse 96, Z\u00fcrich<\/span><\/p>\\n<p>\u00a0<\/p>\",\r\n      \"align\": \"top\",\r\n      \"row\": 0,\r\n      \"col\": 1,\r\n      \"colspan\": 10,\r\n      \"offsetx\": 0,\r\n      \"offsety\": 0,\r\n      \"spaceabove\": 0,\r\n      \"spacebelow\": 0,\r\n      \"yvel\": 1,\r\n      \"push\": 1,\r\n      \"relid\": 4,\r\n      \"frameOverflow\": \"\"\r\n    },\r\n    {\r\n      \"type\": \"text\",\r\n      \"cont\": \"<p><span style=\\\"letter-spacing: 0em; font-family: topol_bold-webfont; font-size: 45px;\\\"><b>special walk in's<\/b><\/span><\/p>\",\r\n      \"align\": \"top\",\r\n      \"row\": 1,\r\n      \"col\": 0,\r\n      \"colspan\": 12,\r\n      \"offsetx\": 0,\r\n      \"offsety\": 0,\r\n      \"spaceabove\": 0,\r\n      \"spacebelow\": 0,\r\n      \"yvel\": 1,\r\n      \"push\": 0,\r\n      \"relid\": 6,\r\n      \"frameOverflow\": \"\",\r\n      \"dosync\": false\r\n    },\r\n    {\r\n      \"type\": \"text\",\r\n      \"cont\": \"<p style=\\\"line-height: 1;\\\"><span style=\\\"font-family: topol_bold-webfont; font-size: 24px;\\\">9.6. Opening<\/span><\/p>\\n<p style=\\\"line-height: 1;\\\"><span style=\\\"font-size: 18px;\\\">17:00 \u2013 19:00<\/span><br \/><span style=\\\"font-size: 18px;\\\">TEMA \u2013 House of Textile Matters<\/span><br \/><span style=\\\"font-size: 18px;\\\">von Lilian Wicky<\/span><br \/><span style=\\\"font-size: 18px;\\\">Materialarchiv | Bibliothek ZHdK<\/span><br \/><span style=\\\"font-size: 18px;\\\">Galeriegeschoss, 5. Etage<\/span><\/p>\\n<p style=\\\"line-height: 1;\\\"><span style=\\\"font-size: 18px;\\\">17:00 \u2013 19:00<\/span><br \/><span style=\\\"font-size: 18px;\\\">Installationen von<\/span><br \/><span style=\\\"font-size: 18px;\\\">Lilian Wicky und Oliver Brunko<\/span><br \/><span style=\\\"font-size: 18px;\\\">7.K12 vor dem Konzertsaal,<\/span><\/p>\\n<p style=\\\"line-height: 1;\\\"><span style=\\\"font-size: 18px;\\\">18:00<\/span><br \/><span style=\\\"font-size: 18px;\\\">Opening wat do (mit Ap\u00e9ro)<\/span><\/p>\\n<p style=\\\"line-height: 1;\\\"><span style=\\\"font-size: 18px;\\\">19:00<\/span><br \/><span style=\\\"font-size: 18px;\\\">Release \u00abListen!\u00bb<\/span><br \/><span style=\\\"font-size: 18px;\\\">Jahrespublikation des Masters Transdisziplinarit\u00e4t<\/span><br \/><span style=\\\"font-size: 18px;\\\">von und mit Studierenden<\/span><br \/><span style=\\\"font-size: 18px;\\\">des Masters Transdisziplinarit\u00e4t<\/span><\/p>\\n<p style=\\\"line-height: 1;\\\">\u00a0<\/p>\\n<p style=\\\"line-height: 1;\\\"><span style=\\\"font-family: topol_bold-webfont; font-size: 24px;\\\">16.6. wat move<\/span><br \/><span style=\\\"font-family: topol_bold-webfont; font-size: 24px;\\\">night edition<\/span><\/p>\\n<p style=\\\"line-height: 1;\\\"><span style=\\\"font-size: 18px;\\\">22:00\u2009\u2013\u200904:00<\/span><br \/><span style=\\\"font-size: 18px;\\\">Party des Masters Transdisziplinarit\u00e4t <\/span><br \/><span style=\\\"font-size: 18px;\\\">vor dem Konzertsaal, 7.K12\u2009<\/span><br \/><span style=\\\"font-size: 18px;\\\">+\u2009Curateria des Master Art Education, 7.G01<\/span><\/p>\\n<p style=\\\"line-height: 1;\\\"><span style=\\\"font-size: 18px;\\\">mit cab, high.aif, <\/span><br \/><span style=\\\"font-size: 18px;\\\">Merlin Kasimir, Rakita, <\/span><br \/><span style=\\\"font-size: 18px;\\\">Tillup, vava_san und \u00aeiginal \u00a9py<\/span><\/p>\\n<p style=\\\"line-height: 1;\\\">\u00a0<\/p>\\n<p style=\\\"line-height: 1;\\\"><span style=\\\"font-family: topol_bold-webfont; font-size: 24px;\\\">22.6. der gro\u00dfe m\u00f6rder<br \/>ist ein gro\u00dfer kasper.<br \/>alles was er totschl\u00e4gt,<br \/>lebt lustig weiter<\/span><\/p>\\n<p style=\\\"line-height: 1;\\\"><span style=\\\"font-size: 18px;\\\">19:00<br \/>Live Podcast von Johannes Hoffmann<br \/>Curateria des MA Art Education, 7.G01<\/span><\/p>\\n<p style=\\\"line-height: 1;\\\">\u00a0<\/p>\\n<p style=\\\"line-height: 1;\\\"><span style=\\\"font-family: topol_bold-webfont; font-size: 24px;\\\">23.6.\u2009\u2013\u200923.07.<\/span><br \/><span style=\\\"font-family: topol_bold-webfont; font-size: 24px;\\\">(in)tangible otherness,<\/span><br \/><span style=\\\"font-family: topol_bold-webfont; font-size: 24px;\\\">towards eco-empathic <\/span><br \/><span style=\\\"font-family: topol_bold-webfont; font-size: 24px;\\\">listening<\/span><\/p>\\n<p style=\\\"line-height: 1;\\\"><span style=\\\"font-size: 18px;\\\">Ausstellung von<br \/>M\u00e9lia Roger und Olena Iegorova<br \/>Workshop: 2.6. 14:00 \u2013 17:00<br \/>On Curating, Ausstellungsstr. 16, Zu\u0308rich<\/span><\/p>\\n<p style=\\\"line-height: 1;\\\">\u00a0<\/p>\\n<p style=\\\"line-height: 1;\\\"><span style=\\\"font-size: 24px; font-family: topol_bold-webfont;\\\">24.6. Texturing Space.<\/span><br \/><span style=\\\"font-size: 24px; font-family: topol_bold-webfont;\\\">Towards an Exponential<\/span><br \/><span style=\\\"font-size: 24px; font-family: topol_bold-webfont;\\\">Cartography<\/span><\/p>\\n<p style=\\\"line-height: 1;\\\"><span style=\\\"font-size: 18px;\\\">Buchvernissage von<\/span><br \/><span style=\\\"font-size: 18px;\\\">Am\u00e9lie Brisson-Darveau<\/span><br \/><span style=\\\"font-size: 18px;\\\">und Christoph Brunner (Eds.)<\/span><br \/><span style=\\\"font-size: 18px;\\\">mit Beitr\u00e4gen ehemaliger<\/span><br \/><span style=\\\"font-size: 18px;\\\">Studierende des MA Transdisziplinarit\u00e4t<\/span><br \/><span style=\\\"font-size: 18px;\\\">Material, Raum fu\u0308r Buchkultur<\/span><br \/><span style=\\\"font-size: 18px;\\\">Klingenstr. 23, 8005 Zu\u0308rich<\/span><\/p>\",\r\n      \"align\": \"top\",\r\n      \"row\": 2,\r\n      \"col\": 0,\r\n      \"colspan\": 12,\r\n      \"offsetx\": 0,\r\n      \"offsety\": 0,\r\n      \"spaceabove\": 0,\r\n      \"spacebelow\": 0,\r\n      \"yvel\": 1,\r\n      \"push\": 0,\r\n      \"relid\": 7,\r\n      \"frameOverflow\": \"\",\r\n      \"dosync\": false\r\n    }\r\n  ]\r\n}","_links":{"self":[{"href":"https:\/\/blog.mtr.zhdk.ch\/watdo\/wp-json\/wp\/v2\/pages\/3","targetHints":{"allow":["GET"]}}],"collection":[{"href":"https:\/\/blog.mtr.zhdk.ch\/watdo\/wp-json\/wp\/v2\/pages"}],"about":[{"href":"https:\/\/blog.mtr.zhdk.ch\/watdo\/wp-json\/wp\/v2\/types\/page"}],"author":[{"embeddable":true,"href":"https:\/\/blog.mtr.zhdk.ch\/watdo\/wp-json\/wp\/v2\/users\/1"}],"replies":[{"embeddable":true,"href":"https:\/\/blog.mtr.zhdk.ch\/watdo\/wp-json\/wp\/v2\/comments?post=3"}],"version-history":[{"count":0,"href":"https:\/\/blog.mtr.zhdk.ch\/watdo\/wp-json\/wp\/v2\/pages\/3\/revisions"}],"wp:attachment":[{"href":"https:\/\/blog.mtr.zhdk.ch\/watdo\/wp-json\/wp\/v2\/media?parent=3"}],"curies":[{"name":"wp","href":"https:\/\/api.w.org\/{rel}","templated":true}]}}