{"id":37,"date":"2022-05-27T09:51:59","date_gmt":"2022-05-27T07:51:59","guid":{"rendered":"https:\/\/blog.trans.zhdk.ch\/watdo\/?page_id=37"},"modified":"2022-06-07T19:38:22","modified_gmt":"2022-06-07T17:38:22","slug":"beta","status":"publish","type":"page","link":"https:\/\/blog.mtr.zhdk.ch\/watdo\/beta\/","title":{"rendered":"Beta"},"content":{"rendered":"","protected":false},"excerpt":{"rendered":"","protected":false},"author":141,"featured_media":0,"parent":0,"menu_order":2,"comment_status":"closed","ping_status":"closed","template":"","meta":{"h5ap_radio_sources":[],"_links_to":"","_links_to_target":""},"class_list":["post-37","page","type-page","status-publish","hentry"],"grid":"{\r\n  \"colCount\": 12,\r\n  \"colGutter\": 1,\r\n  \"rowGutters\": [\r\n    5,\r\n    2,\r\n    2,\r\n    2,\r\n    2,\r\n    2,\r\n    2,\r\n    2,\r\n    2,\r\n    2,\r\n    2,\r\n    4,\r\n    2,\r\n    2,\r\n    2,\r\n    2,\r\n    2,\r\n    2,\r\n    2,\r\n    2,\r\n    2,\r\n    2,\r\n    2,\r\n    2,\r\n    2,\r\n    2,\r\n    2,\r\n    2,\r\n    2,\r\n    2,\r\n    2,\r\n    2,\r\n    2,\r\n    2,\r\n    5,\r\n    0,\r\n    5,\r\n    5,\r\n    5\r\n  ],\r\n  \"frameMargin\": 5,\r\n  \"leftFrameMargin\": 5,\r\n  \"rightFrameMargin\": 5,\r\n  \"topFrameMargin\": 250,\r\n  \"bottomFrameMargin\": 5,\r\n  \"rowAttrs\": [\r\n    {\r\n      \"html_id\": \"#watdo-spacer\",\r\n      \"classes\": \"watdo-spacer\"\r\n    },\r\n    {},\r\n    {},\r\n    {},\r\n    {\r\n      \"html_id\": \"watdo-img-1\"\r\n    },\r\n    {},\r\n    {},\r\n    {\r\n      \"classes\": \"watdo-no-break-columns\"\r\n    },\r\n    {},\r\n    {},\r\n    {},\r\n    {},\r\n    {},\r\n    {},\r\n    {},\r\n    {},\r\n    {},\r\n    {},\r\n    {},\r\n    {},\r\n    {},\r\n    {},\r\n    {},\r\n    {},\r\n    {},\r\n    {},\r\n    {},\r\n    {},\r\n    {},\r\n    {},\r\n    {},\r\n    {},\r\n    {},\r\n    {},\r\n    {},\r\n    {},\r\n    {},\r\n    {},\r\n    {\r\n      \"html_id\": \"impress\"\r\n    },\r\n    {}\r\n  ],\r\n  \"bgColor\": null,\r\n  \"bgImage\": null,\r\n  \"cont\": [\r\n    {\r\n      \"type\": \"text\",\r\n      \"cont\": \"<h2 class=\\\"_Topol_Title\\\"><span>wat do<\/span><\/h2><p>\u00a0<\/p><p class=\\\"_Navigation\\\"><span>Where am I now. With whom am I. What is here. How to be vulnerable, fluid, tangible, critical, multiple, collaborative, honest. What do I navigate with. Who am I for whom and how. How to be a person. How to be a body. How to relate. How to start and end, how to decide, how to listen, how to try. How to think-feel-be. How to want the right thing. How to not know.<\/span><\/p><p class=\\\"_Navigation\\\">\u00a0<\/p><p class=\\\"_Navigation\\\"><span>This iteration of the annual exhibition of the MA Transdisciplinary Studies concerns itself with the question \u00abwat do\u00bb. This memetic phrase in it\u2019s open-endedness captures a notion that pervades the practice and works of the exhibition\u2019s paritcipants but also the artistic pursuit itself: What is that we do? What is worth doing? And in contemporary conditions a important variantion: Wat the hell do?<br \/><\/span><\/p><p>\u00a0<\/p><p>\u00a0<\/p><p class=\\\"_Default\\\"><span><br \/>9.6.\u2009\u2013\u200924.6.2022<br \/><\/span><span>Atelier Transdisziplinarit\u00e4t, <\/span><br \/><span>Raum 7.F03, Toni-Areal, <\/span><br \/><span>Pfingstweidstrasse 96, Z\u00fcrich<\/span><\/p><p>\u00a0<\/p><p>\u00a0<\/p><p>\u00a0<\/p>\",\r\n      \"align\": \"top\",\r\n      \"row\": 1,\r\n      \"col\": 2,\r\n      \"colspan\": 8,\r\n      \"offsetx\": 0,\r\n      \"offsety\": 0,\r\n      \"spaceabove\": 0,\r\n      \"spacebelow\": 0,\r\n      \"yvel\": 1,\r\n      \"push\": 2,\r\n      \"relid\": 4,\r\n      \"html_id\": \"watdo-text-0\",\r\n      \"frameOverflow\": \"\"\r\n    },\r\n    {\r\n      \"type\": \"text\",\r\n      \"cont\": \"<p class=\\\"_Default\\\">01<br \/>\u00abWhat Now?!\u00bb<br \/>Yris Apsit<\/p><p class=\\\"_Default\\\">What starts out as hope soon becomes a dialectic of temptation, desire, care, vulnerability, honest joy, leaving only a sense of decadence and the prospect of a new reality.<\/p>\",\r\n      \"align\": \"top\",\r\n      \"row\": 3,\r\n      \"col\": 3,\r\n      \"colspan\": 6,\r\n      \"offsetx\": 0,\r\n      \"offsety\": 0,\r\n      \"spaceabove\": 0,\r\n      \"spacebelow\": 0,\r\n      \"yvel\": 1,\r\n      \"push\": 3,\r\n      \"relid\": 5,\r\n      \"html_id\": \"watdo-text-1\"\r\n    },\r\n    {\r\n      \"type\": \"img\",\r\n      \"cont\": \"http:\/\/blog.mtr.zhdk.ch\/watdo\/wp-content\/uploads\/sites\/27\/2022\/05\/01_A.jpg\",\r\n      \"align\": \"top\",\r\n      \"row\": 4,\r\n      \"col\": 5,\r\n      \"colspan\": 2,\r\n      \"offsetx\": 0,\r\n      \"offsety\": 0,\r\n      \"spaceabove\": 0,\r\n      \"spacebelow\": 0,\r\n      \"yvel\": 1,\r\n      \"push\": 5,\r\n      \"relid\": 244,\r\n      \"attid\": 65,\r\n      \"sizes\": {\r\n        \"full\": \"http:\/\/blog.mtr.zhdk.ch\/watdo\/wp-content\/uploads\/sites\/27\/2022\/05\/01_A.jpg\",\r\n        \"_1920\": \"http:\/\/blog.mtr.zhdk.ch\/watdo\/wp-content\/uploads\/sites\/27\/2022\/05\/01_A-1920x2851.jpg\",\r\n        \"_1280\": \"http:\/\/blog.mtr.zhdk.ch\/watdo\/wp-content\/uploads\/sites\/27\/2022\/05\/01_A-1280x1901.jpg\",\r\n        \"_1024\": \"http:\/\/blog.mtr.zhdk.ch\/watdo\/wp-content\/uploads\/sites\/27\/2022\/05\/01_A-1024x1521.jpg\",\r\n        \"_768\": \"http:\/\/blog.mtr.zhdk.ch\/watdo\/wp-content\/uploads\/sites\/27\/2022\/05\/01_A-768x1140.jpg\",\r\n        \"_512\": \"http:\/\/blog.mtr.zhdk.ch\/watdo\/wp-content\/uploads\/sites\/27\/2022\/05\/01_A-512x760.jpg\",\r\n        \"_265\": \"http:\/\/blog.mtr.zhdk.ch\/watdo\/wp-content\/uploads\/sites\/27\/2022\/05\/01_A-265x394.jpg\"\r\n      },\r\n      \"w\": 2357,\r\n      \"h\": 3500,\r\n      \"ar\": 1.4849384811200679,\r\n      \"alt\": \"\",\r\n      \"frameOverflow\": \"\",\r\n      \"html_id\": \"watdo-img-1\"\r\n    },\r\n    {\r\n      \"type\": \"text\",\r\n      \"cont\": \"<p class=\\\"_Default\\\">02<br \/>\u00abUmbral\u00bb<br \/>Adri\u00e1n Bracho<\/p><p class=\\\"_Default\\\">No es lo mismo subir que bajar. \/ Aufsteigen ist nicht gleich Absteigen.<br \/>No es lo mismo ir que venir. \/ Gehen ist nicht gleich Kommen.<\/p><p class=\\\"_Default\\\">Umbral \/ Schwelle<\/p>\",\r\n      \"align\": \"bottom\",\r\n      \"row\": 6,\r\n      \"col\": 2,\r\n      \"colspan\": 8,\r\n      \"offsetx\": 0,\r\n      \"offsety\": 0,\r\n      \"spaceabove\": 0,\r\n      \"spacebelow\": 0,\r\n      \"yvel\": 1,\r\n      \"push\": 2,\r\n      \"relid\": 7,\r\n      \"frameOverflow\": \"\",\r\n      \"html_id\": \"watdo-text-2\"\r\n    },\r\n    {\r\n      \"type\": \"text\",\r\n      \"cont\": \"<p class=\\\"_Default\\\" style=\\\"text-align: left;\\\">Objeto<br \/>Lugar<br \/>Inicio<br \/>Fin<br \/>Frontera<br \/>No-espacio<br \/>Vac\u00edo<\/p>\",\r\n      \"align\": \"top\",\r\n      \"row\": 7,\r\n      \"col\": 2,\r\n      \"colspan\": 2,\r\n      \"offsetx\": 0,\r\n      \"offsety\": 0,\r\n      \"spaceabove\": 0,\r\n      \"spacebelow\": 0,\r\n      \"yvel\": 1,\r\n      \"push\": 2,\r\n      \"relid\": 9\r\n    },\r\n    {\r\n      \"type\": \"text\",\r\n      \"cont\": \"<p class=\\\"_Default\\\" style=\\\"text-align: left;\\\">atravesar<br \/>habitar<br \/>seguir<br \/>huir<br \/>sentir<br \/>dejar<br \/>caminar<\/p>\",\r\n      \"align\": \"top\",\r\n      \"row\": 7,\r\n      \"col\": 4,\r\n      \"colspan\": 2,\r\n      \"offsetx\": 0,\r\n      \"offsety\": 0,\r\n      \"spaceabove\": 0,\r\n      \"spacebelow\": 0,\r\n      \"yvel\": 1,\r\n      \"push\": 0,\r\n      \"relid\": 10\r\n    },\r\n    {\r\n      \"type\": \"text\",\r\n      \"cont\": \"<p class=\\\"_Default\\\" style=\\\"text-align: left;\\\">Objekt<br \/>Ort<br \/>Anfang<br \/>Zweck<br \/>Grenze<br \/>Nicht-Raum<br \/>Leere<\/p>\",\r\n      \"align\": \"top\",\r\n      \"row\": 7,\r\n      \"col\": 6,\r\n      \"colspan\": 2,\r\n      \"offsetx\": 0,\r\n      \"offsety\": 0,\r\n      \"spaceabove\": 0,\r\n      \"spacebelow\": 0,\r\n      \"yvel\": 1,\r\n      \"push\": 0,\r\n      \"relid\": 11\r\n    },\r\n    {\r\n      \"type\": \"text\",\r\n      \"cont\": \"<p class=\\\"_Default\\\" style=\\\"text-align: left;\\\">\u00fcberschreiten<br \/>bewohnen<br \/>folgen<br \/>fliehen<br \/>f\u00fchlen<br \/>verlassen<br \/>gehen<\/p>\",\r\n      \"align\": \"top\",\r\n      \"row\": 7,\r\n      \"col\": 8,\r\n      \"colspan\": 2,\r\n      \"offsetx\": 0,\r\n      \"offsety\": 0,\r\n      \"spaceabove\": 0,\r\n      \"spacebelow\": 0,\r\n      \"yvel\": 1,\r\n      \"push\": 0,\r\n      \"relid\": 12\r\n    },\r\n    {\r\n      \"type\": \"img\",\r\n      \"cont\": \"http:\/\/blog.mtr.zhdk.ch\/watdo\/wp-content\/uploads\/sites\/27\/2022\/05\/02_A.jpg\",\r\n      \"align\": \"top\",\r\n      \"row\": 8,\r\n      \"col\": 4,\r\n      \"colspan\": 4,\r\n      \"offsetx\": 0,\r\n      \"offsety\": 0,\r\n      \"spaceabove\": 0,\r\n      \"spacebelow\": 0,\r\n      \"yvel\": 1,\r\n      \"push\": 4,\r\n      \"relid\": 105,\r\n      \"attid\": 69,\r\n      \"sizes\": {\r\n        \"full\": \"http:\/\/blog.mtr.zhdk.ch\/watdo\/wp-content\/uploads\/sites\/27\/2022\/05\/02_A.jpg\",\r\n        \"_1280\": \"http:\/\/blog.mtr.zhdk.ch\/watdo\/wp-content\/uploads\/sites\/27\/2022\/05\/02_A-1280x720.jpg\",\r\n        \"_1024\": \"http:\/\/blog.mtr.zhdk.ch\/watdo\/wp-content\/uploads\/sites\/27\/2022\/05\/02_A-1024x576.jpg\",\r\n        \"_768\": \"http:\/\/blog.mtr.zhdk.ch\/watdo\/wp-content\/uploads\/sites\/27\/2022\/05\/02_A-768x432.jpg\",\r\n        \"_512\": \"http:\/\/blog.mtr.zhdk.ch\/watdo\/wp-content\/uploads\/sites\/27\/2022\/05\/02_A-512x288.jpg\",\r\n        \"_265\": \"http:\/\/blog.mtr.zhdk.ch\/watdo\/wp-content\/uploads\/sites\/27\/2022\/05\/02_A-265x149.jpg\"\r\n      },\r\n      \"w\": 1920,\r\n      \"h\": 1080,\r\n      \"ar\": 0.5625,\r\n      \"alt\": \"\",\r\n      \"html_id\": \"watdo-img-2\"\r\n    },\r\n    {\r\n      \"type\": \"text\",\r\n      \"cont\": \"<p class=\\\"_Default\\\">03<br \/>\u00abIm See\u00bb \/ \u00abRaum\u00bb<br \/>Oliver Brunko<br \/><br \/><\/p><p class=\\\"_Default\\\">Im See \/ 2022, HD-Video mit Ton, <br \/>Dauer: 1 Min 52 Sek, loop<br \/><br \/>Mit dem Smartphone wird eine Videoaufzeichnung vom Computermonitor abgefilmt. Die Abspielgeschwindigkeit des Videos wird dabei reduziert. Suchend bewegt sich die Kamera \u00fcber das gezeigte Bild.<br \/>\u00a0<br \/>\u00abDer Stein liegt still auf dem Grund. Nur die Spitze ragt aus dem Wasser. Einige Unterwasserpflanzen haben sich am Fuss des Steins niedergelassen. Fische umkreisen ihn, \u00fcber ihnen einige M\u00f6wen auf der Wasseroberfl\u00e4che. Ich tr\u00e4ume h\u00e4ufig von Seen, Fl\u00fcssen und dem Meer. Der Unterwasserstein ging mir nicht mehr aus dem Kopf. Ich wollte ihn wiedersehen und ihn besser kennenlernen.\u00bb<\/p>\",\r\n      \"align\": \"top\",\r\n      \"row\": 10,\r\n      \"col\": 3,\r\n      \"colspan\": 6,\r\n      \"offsetx\": 0,\r\n      \"offsety\": 0,\r\n      \"spaceabove\": 0,\r\n      \"spacebelow\": 0,\r\n      \"yvel\": 1,\r\n      \"push\": 3,\r\n      \"relid\": 106,\r\n      \"frameOverflow\": \"\",\r\n      \"html_id\": \"watdo-text-3\"\r\n    },\r\n    {\r\n      \"type\": \"img\",\r\n      \"cont\": \"http:\/\/blog.mtr.zhdk.ch\/watdo\/wp-content\/uploads\/sites\/27\/2022\/05\/03_ImSee_A.jpg\",\r\n      \"align\": \"top\",\r\n      \"row\": 11,\r\n      \"col\": 4,\r\n      \"colspan\": 4,\r\n      \"offsetx\": 0,\r\n      \"offsety\": 0,\r\n      \"spaceabove\": 0,\r\n      \"spacebelow\": 0,\r\n      \"yvel\": 1,\r\n      \"push\": 4,\r\n      \"relid\": 222,\r\n      \"attid\": 71,\r\n      \"sizes\": {\r\n        \"full\": \"http:\/\/blog.mtr.zhdk.ch\/watdo\/wp-content\/uploads\/sites\/27\/2022\/05\/03_ImSee_A.jpg\",\r\n        \"_1280\": \"http:\/\/blog.mtr.zhdk.ch\/watdo\/wp-content\/uploads\/sites\/27\/2022\/05\/03_ImSee_A-1280x800.jpg\",\r\n        \"_1024\": \"http:\/\/blog.mtr.zhdk.ch\/watdo\/wp-content\/uploads\/sites\/27\/2022\/05\/03_ImSee_A-1024x640.jpg\",\r\n        \"_768\": \"http:\/\/blog.mtr.zhdk.ch\/watdo\/wp-content\/uploads\/sites\/27\/2022\/05\/03_ImSee_A-768x480.jpg\",\r\n        \"_512\": \"http:\/\/blog.mtr.zhdk.ch\/watdo\/wp-content\/uploads\/sites\/27\/2022\/05\/03_ImSee_A-512x320.jpg\",\r\n        \"_265\": \"http:\/\/blog.mtr.zhdk.ch\/watdo\/wp-content\/uploads\/sites\/27\/2022\/05\/03_ImSee_A-265x166.jpg\"\r\n      },\r\n      \"w\": 1920,\r\n      \"h\": 1200,\r\n      \"ar\": 0.625,\r\n      \"alt\": \"\",\r\n      \"frameOverflow\": \"\",\r\n      \"html_id\": \"watdo-img-3\"\r\n    },\r\n    {\r\n      \"type\": \"text\",\r\n      \"cont\": \"<p class=\\\"_Default\\\"><br \/>Raum \/ 2022, HD-Video mit Ton, Loop, <br \/>Dauer: 10 Min<br \/>\u00a0<br \/>Gedanken \u00fcber Raum und Klang. Textpassagen, Bewegtbild und Audioaufnahmen werden zusammengef\u00fcgt und erzeugen einen eigenen Rhythmus.<br \/>\u00a0<br \/>\u00abIch stehe im Urwald. Eben erst ist ein Gewitter vorbeigezogen. Noch immer fallen grosse Wassertropfen von den Bl\u00e4ttern. Um mich h\u00f6re ich pfeifen, rascheln und rufe der Tiere. Das dichte Gr\u00fcn versperrt mir den Blick in die Ferne. Ich schliesse die Augen und konzentriere ich mich aufs h\u00f6ren, dabei er\u00f6ffnet sich mir ein Raum, welcher von nahen und fernen Ger\u00e4uschen erf\u00fchlt ist. Mit jedem dazukommenden Ger\u00e4usch weitet sich der Raum innerlich aus. Es scheint mir als schaute ich hinter einen Vorhang aus dichten Bl\u00e4ttern. Dabei wirkt selbst die schw\u00fcle Luft leicht und durchl\u00e4ssig.\u00bb<\/p>\",\r\n      \"align\": \"top\",\r\n      \"row\": 12,\r\n      \"col\": 3,\r\n      \"colspan\": 6,\r\n      \"offsetx\": 0,\r\n      \"offsety\": 0,\r\n      \"spaceabove\": 0,\r\n      \"spacebelow\": 0,\r\n      \"yvel\": 1,\r\n      \"push\": 3,\r\n      \"relid\": 13,\r\n      \"frameOverflow\": \"\",\r\n      \"html_id\": \"watdo-text-3b\"\r\n    },\r\n    {\r\n      \"type\": \"img\",\r\n      \"cont\": \"http:\/\/blog.mtr.zhdk.ch\/watdo\/wp-content\/uploads\/sites\/27\/2022\/06\/03_Raum_B.jpg\",\r\n      \"align\": \"top\",\r\n      \"row\": 13,\r\n      \"col\": 4,\r\n      \"colspan\": 4,\r\n      \"offsetx\": 0,\r\n      \"offsety\": 0,\r\n      \"spaceabove\": 0,\r\n      \"spacebelow\": 0,\r\n      \"yvel\": 1,\r\n      \"push\": 4,\r\n      \"relid\": 286,\r\n      \"attid\": 277,\r\n      \"sizes\": {\r\n        \"full\": \"http:\/\/blog.mtr.zhdk.ch\/watdo\/wp-content\/uploads\/sites\/27\/2022\/06\/03_Raum_B.jpg\",\r\n        \"_3200\": \"http:\/\/blog.mtr.zhdk.ch\/watdo\/wp-content\/uploads\/sites\/27\/2022\/06\/03_Raum_B-3200x2000.jpg\",\r\n        \"_2560\": \"http:\/\/blog.mtr.zhdk.ch\/watdo\/wp-content\/uploads\/sites\/27\/2022\/06\/03_Raum_B-2560x1600.jpg\",\r\n        \"_1920\": \"http:\/\/blog.mtr.zhdk.ch\/watdo\/wp-content\/uploads\/sites\/27\/2022\/06\/03_Raum_B-1920x1200.jpg\",\r\n        \"_1280\": \"http:\/\/blog.mtr.zhdk.ch\/watdo\/wp-content\/uploads\/sites\/27\/2022\/06\/03_Raum_B-1280x800.jpg\",\r\n        \"_1024\": \"http:\/\/blog.mtr.zhdk.ch\/watdo\/wp-content\/uploads\/sites\/27\/2022\/06\/03_Raum_B-1024x640.jpg\",\r\n        \"_768\": \"http:\/\/blog.mtr.zhdk.ch\/watdo\/wp-content\/uploads\/sites\/27\/2022\/06\/03_Raum_B-768x480.jpg\",\r\n        \"_512\": \"http:\/\/blog.mtr.zhdk.ch\/watdo\/wp-content\/uploads\/sites\/27\/2022\/06\/03_Raum_B-512x320.jpg\",\r\n        \"_265\": \"http:\/\/blog.mtr.zhdk.ch\/watdo\/wp-content\/uploads\/sites\/27\/2022\/06\/03_Raum_B-265x166.jpg\"\r\n      },\r\n      \"w\": 3360,\r\n      \"h\": 2100,\r\n      \"ar\": 0.625,\r\n      \"alt\": \"\",\r\n      \"frameOverflow\": \"\",\r\n      \"html_id\": \"watdo-img-3b\"\r\n    },\r\n    {\r\n      \"type\": \"text\",\r\n      \"cont\": \"<p class=\\\"_Default\\\">04<br \/>\u00abBare Breasted \/\/ Bare Chested\u00bb<br \/>Lovis Heuss<\/p><p class=\\\"_Default\\\">In Bare Breasted \/\/ Bare Chested verhandelt lovislovislovis in Zusammenarbeit mit Mirijam Botros (Video) und amygdala.01 (Shibari) den Bezug zum eigenen K\u00f6rper w\u00e4hrend der Transition.<\/p><p class=\\\"_Default\\\">Die Wiederaufnahme der Brust als entferntes Subjekt nach der Mastektomie hinterfragt Temporalit\u00e4t, (Ir)reversibilit\u00e4t und die g\u00e4ngigen bin\u00e4ren Geschlechternormen.<\/p>\",\r\n      \"align\": \"top\",\r\n      \"row\": 15,\r\n      \"col\": 3,\r\n      \"colspan\": 6,\r\n      \"offsetx\": 0,\r\n      \"offsety\": 0,\r\n      \"spaceabove\": 0,\r\n      \"spacebelow\": 0,\r\n      \"yvel\": 1,\r\n      \"push\": 3,\r\n      \"relid\": 306,\r\n      \"frameOverflow\": \"\",\r\n      \"html_id\": \"watdo-text-4\"\r\n    },\r\n    {\r\n      \"type\": \"img\",\r\n      \"cont\": \"http:\/\/blog.mtr.zhdk.ch\/watdo\/wp-content\/uploads\/sites\/27\/2022\/06\/04_A_Neu.jpg\",\r\n      \"align\": \"top\",\r\n      \"row\": 16,\r\n      \"col\": 5,\r\n      \"colspan\": 2,\r\n      \"offsetx\": 0,\r\n      \"offsety\": 0,\r\n      \"spaceabove\": 0,\r\n      \"spacebelow\": 0,\r\n      \"yvel\": 1,\r\n      \"push\": 5,\r\n      \"relid\": 484,\r\n      \"attid\": 115,\r\n      \"sizes\": {\r\n        \"full\": \"http:\/\/blog.mtr.zhdk.ch\/watdo\/wp-content\/uploads\/sites\/27\/2022\/06\/04_A_Neu.jpg\",\r\n        \"_1024\": \"http:\/\/blog.mtr.zhdk.ch\/watdo\/wp-content\/uploads\/sites\/27\/2022\/06\/04_A_Neu-1024x1536.jpg\",\r\n        \"_768\": \"http:\/\/blog.mtr.zhdk.ch\/watdo\/wp-content\/uploads\/sites\/27\/2022\/06\/04_A_Neu-768x1152.jpg\",\r\n        \"_512\": \"http:\/\/blog.mtr.zhdk.ch\/watdo\/wp-content\/uploads\/sites\/27\/2022\/06\/04_A_Neu-512x768.jpg\",\r\n        \"_265\": \"http:\/\/blog.mtr.zhdk.ch\/watdo\/wp-content\/uploads\/sites\/27\/2022\/06\/04_A_Neu-265x398.jpg\"\r\n      },\r\n      \"w\": 1200,\r\n      \"h\": 1800,\r\n      \"ar\": 1.5,\r\n      \"alt\": \"\",\r\n      \"html_id\": \"watdo-img-4\"\r\n    },\r\n    {\r\n      \"type\": \"text\",\r\n      \"cont\": \"<p class=\\\"_Default\\\">05<br \/>\u00abder gro\u00dfe m\u00f6rder ist ein gro\u00dfer kasper, <br \/>alles was er totschl\u00e4gt, lebt lustig weiter\u00bb<br \/>Johannes Hoffmann<\/p><p class=\\\"_Default\\\">am morgen des 4. september 1913 t\u00f6tet ernst august wagner seine frau und seine 4 kinder und erschie\u00dft 9 menschen im dorf m\u00fchlhausen a. d. enz. nachdem er \u00fcberw\u00e4ltigt werden kann, schildert er in den ersten vernehmungen unumwunden seinen plan \u2013 er wollte seine gesamte familie ausrotten, alle m\u00e4nner in m\u00fchlhausen t\u00f6ten und schlussendlich das schloss ludwigsburg anz\u00fcnden und in den flammen im bett der herzogin verbrennen. wagner wird f\u00fcr schuldunf\u00e4hig erkl\u00e4rt und in eine heilanstalt eingewiesen. 1938 stirbt er dort an den folgen einer lungentuberkulose. sein gehirn wird entnommen, konserviert und ger\u00e4t in einem medizinischen archiv in vergessenheit. in den 1990er jahren wird es unter der registratur m\u00f6rdergehirn 4 wiederentdeckt und in einer wissenschaftlichen arbeit mit den konservierten gehirnen ulrike meinhoffs und des texanischen uni-snipers charles whitman verglichen. ich besch\u00e4ftige mich seit 2012 mit dem gewebe um den fall und flechte meinen fall, entstanden ist ein podcast und ein text.<\/p>\",\r\n      \"align\": \"top\",\r\n      \"row\": 18,\r\n      \"col\": 2,\r\n      \"colspan\": 8,\r\n      \"offsetx\": 0,\r\n      \"offsety\": 0,\r\n      \"spaceabove\": 0,\r\n      \"spacebelow\": 0,\r\n      \"yvel\": 1,\r\n      \"push\": 2,\r\n      \"relid\": 485,\r\n      \"frameOverflow\": \"\",\r\n      \"html_id\": \"watdo-text-5\"\r\n    },\r\n    {\r\n      \"type\": \"img\",\r\n      \"cont\": \"http:\/\/blog.mtr.zhdk.ch\/watdo\/wp-content\/uploads\/sites\/27\/2022\/05\/05_A.jpg\",\r\n      \"align\": \"top\",\r\n      \"row\": 19,\r\n      \"col\": 5,\r\n      \"colspan\": 2,\r\n      \"offsetx\": 0,\r\n      \"offsety\": 0,\r\n      \"spaceabove\": 0,\r\n      \"spacebelow\": 0,\r\n      \"yvel\": 1,\r\n      \"push\": 5,\r\n      \"relid\": 703,\r\n      \"attid\": 75,\r\n      \"sizes\": {\r\n        \"full\": \"http:\/\/blog.mtr.zhdk.ch\/watdo\/wp-content\/uploads\/sites\/27\/2022\/05\/05_A.jpg\",\r\n        \"_1024\": \"http:\/\/blog.mtr.zhdk.ch\/watdo\/wp-content\/uploads\/sites\/27\/2022\/05\/05_A-1024x1358.jpg\",\r\n        \"_768\": \"http:\/\/blog.mtr.zhdk.ch\/watdo\/wp-content\/uploads\/sites\/27\/2022\/05\/05_A-768x1018.jpg\",\r\n        \"_512\": \"http:\/\/blog.mtr.zhdk.ch\/watdo\/wp-content\/uploads\/sites\/27\/2022\/05\/05_A-512x679.jpg\",\r\n        \"_265\": \"http:\/\/blog.mtr.zhdk.ch\/watdo\/wp-content\/uploads\/sites\/27\/2022\/05\/05_A-265x351.jpg\"\r\n      },\r\n      \"w\": 1058,\r\n      \"h\": 1403,\r\n      \"ar\": 1.326086956521739,\r\n      \"alt\": \"\",\r\n      \"html_id\": \"watdo-img-5\"\r\n    },\r\n    {\r\n      \"type\": \"text\",\r\n      \"cont\": \"<p class=\\\"_Default\\\">06<br \/>\u00abHinweise und Fischauge\u00bb<br \/>Alan Maag<\/p><p class=\\\"_Default\\\">out of a secure space into an area where proximity forces to move simultaneously. there is a marker, a critical distance to follow. like balancing a stick belly to belly.<\/p><p class=\\\"_Default\\\">the movement of the skater rushing towards the camera. the lower body holding that stick. neck, arm and the eye in the viewfinder determining the right angle for the picture. three directions to pay attention to. plus anticipating the peak moment of expression in order to catch it. a single focus is impossible.<\/p><p class=\\\"_Default\\\">the field of vision is now similar to that of the skater\u2018s. feeling movements rather than seeing them. multiple points within the immediate surrounding are scanned simultaneously. it rather feels like the picture is filled with a quickly growing shadow that wants to be catched.<\/p><p class=\\\"_Default\\\">at this stage the role of the camera has become active. the common position of the passive observer morphs into a participatory one, into a dance with the observed. these fractures of a moment hold a zone of interaction during which intuition, maybe an indistinction, can overrule intention.<\/p>\",\r\n      \"align\": \"top\",\r\n      \"row\": 21,\r\n      \"col\": 3,\r\n      \"colspan\": 6,\r\n      \"offsetx\": 0,\r\n      \"offsety\": 0,\r\n      \"spaceabove\": 0,\r\n      \"spacebelow\": 0,\r\n      \"yvel\": 1,\r\n      \"push\": 3,\r\n      \"relid\": 704,\r\n      \"frameOverflow\": \"\",\r\n      \"html_id\": \"watdo-text-6\"\r\n    },\r\n    {\r\n      \"type\": \"img\",\r\n      \"cont\": \"http:\/\/blog.mtr.zhdk.ch\/watdo\/wp-content\/uploads\/sites\/27\/2022\/05\/07_A.jpg\",\r\n      \"align\": \"top\",\r\n      \"row\": 22,\r\n      \"col\": 4,\r\n      \"colspan\": 4,\r\n      \"offsetx\": 0,\r\n      \"offsety\": 0,\r\n      \"spaceabove\": 0,\r\n      \"spacebelow\": 0,\r\n      \"yvel\": 1,\r\n      \"push\": 4,\r\n      \"relid\": 962,\r\n      \"attid\": 79,\r\n      \"sizes\": {\r\n        \"full\": \"http:\/\/blog.mtr.zhdk.ch\/watdo\/wp-content\/uploads\/sites\/27\/2022\/05\/07_A.jpg\",\r\n        \"_1920\": \"http:\/\/blog.mtr.zhdk.ch\/watdo\/wp-content\/uploads\/sites\/27\/2022\/05\/07_A-1920x1282.jpg\",\r\n        \"_1280\": \"http:\/\/blog.mtr.zhdk.ch\/watdo\/wp-content\/uploads\/sites\/27\/2022\/05\/07_A-1280x854.jpg\",\r\n        \"_1024\": \"http:\/\/blog.mtr.zhdk.ch\/watdo\/wp-content\/uploads\/sites\/27\/2022\/05\/07_A-1024x684.jpg\",\r\n        \"_768\": \"http:\/\/blog.mtr.zhdk.ch\/watdo\/wp-content\/uploads\/sites\/27\/2022\/05\/07_A-768x513.jpg\",\r\n        \"_512\": \"http:\/\/blog.mtr.zhdk.ch\/watdo\/wp-content\/uploads\/sites\/27\/2022\/05\/07_A-512x342.jpg\",\r\n        \"_265\": \"http:\/\/blog.mtr.zhdk.ch\/watdo\/wp-content\/uploads\/sites\/27\/2022\/05\/07_A-265x177.jpg\"\r\n      },\r\n      \"w\": 2000,\r\n      \"h\": 1335,\r\n      \"ar\": 0.6675,\r\n      \"alt\": \"\",\r\n      \"html_id\": \"watdo-img-6\"\r\n    },\r\n    {\r\n      \"type\": \"text\",\r\n      \"cont\": \"<p class=\\\"_Default\\\">07<br \/>\u00abTALES OF WOE [FRAGILE DISPLEASURES]\u00bb<br \/>Merlin Pohl<\/p><p class=\\\"_Default\\\">If the world is built for me, and I am built to act, be, do in this world of mine, then what happens if I don\u2019t? Nothing? Everything? Or neither? Tales of woe are fragments of thought, or rather of sense, yielded and fermented in the avatars head. The refusal of doing is met with the animation of the almost motionless, the amplification of the quasi silent. Everything revolves around the egocentre, which is lost in the agonizing processes of involuntary self-decomposition. Fragile displeasures sprout when dwelling upon the woes of Andros, that is, here, in the belly of the monster.<\/p>\",\r\n      \"align\": \"top\",\r\n      \"row\": 24,\r\n      \"col\": 3,\r\n      \"colspan\": 6,\r\n      \"offsetx\": 0,\r\n      \"offsety\": 0,\r\n      \"spaceabove\": 0,\r\n      \"spacebelow\": 0,\r\n      \"yvel\": 1,\r\n      \"push\": 3,\r\n      \"relid\": 963,\r\n      \"frameOverflow\": \"\",\r\n      \"html_id\": \"watdo-text-7\"\r\n    },\r\n    {\r\n      \"type\": \"img\",\r\n      \"cont\": \"http:\/\/blog.mtr.zhdk.ch\/watdo\/wp-content\/uploads\/sites\/27\/2022\/05\/07_.jpg\",\r\n      \"align\": \"top\",\r\n      \"row\": 25,\r\n      \"col\": 4,\r\n      \"colspan\": 4,\r\n      \"offsetx\": 0,\r\n      \"offsety\": 0,\r\n      \"spaceabove\": 0,\r\n      \"spacebelow\": 0,\r\n      \"yvel\": 1,\r\n      \"push\": 4,\r\n      \"relid\": 1265,\r\n      \"attid\": 81,\r\n      \"sizes\": {\r\n        \"full\": \"http:\/\/blog.mtr.zhdk.ch\/watdo\/wp-content\/uploads\/sites\/27\/2022\/05\/07_.jpg\",\r\n        \"_2560\": \"http:\/\/blog.mtr.zhdk.ch\/watdo\/wp-content\/uploads\/sites\/27\/2022\/05\/07_-2560x1403.jpg\",\r\n        \"_1920\": \"http:\/\/blog.mtr.zhdk.ch\/watdo\/wp-content\/uploads\/sites\/27\/2022\/05\/07_-1920x1052.jpg\",\r\n        \"_1280\": \"http:\/\/blog.mtr.zhdk.ch\/watdo\/wp-content\/uploads\/sites\/27\/2022\/05\/07_-1280x702.jpg\",\r\n        \"_1024\": \"http:\/\/blog.mtr.zhdk.ch\/watdo\/wp-content\/uploads\/sites\/27\/2022\/05\/07_-1024x561.jpg\",\r\n        \"_768\": \"http:\/\/blog.mtr.zhdk.ch\/watdo\/wp-content\/uploads\/sites\/27\/2022\/05\/07_-768x421.jpg\",\r\n        \"_512\": \"http:\/\/blog.mtr.zhdk.ch\/watdo\/wp-content\/uploads\/sites\/27\/2022\/05\/07_-512x281.jpg\",\r\n        \"_265\": \"http:\/\/blog.mtr.zhdk.ch\/watdo\/wp-content\/uploads\/sites\/27\/2022\/05\/07_-265x145.jpg\"\r\n      },\r\n      \"w\": 2762,\r\n      \"h\": 1514,\r\n      \"ar\": 0.5481535119478639,\r\n      \"alt\": \"\",\r\n      \"html_id\": \"watdo-img-7\"\r\n    },\r\n    {\r\n      \"type\": \"text\",\r\n      \"cont\": \"<p class=\\\"_Default\\\">08<br \/>\u00abSchlitten (fliegend)\u00bb<br \/>Simon &amp; Odermatt<\/p><p class=\\\"_Default\\\">Schlitten (fliegend) \/ 2020, Video, Dauer: 38 Sek, Loop<\/p><p class=\\\"_Default\\\">Das Bild zeigt eine weisse Landschaft. Von rechts erscheint ein fliegender Davoser Schlitten im Bild. Er schwebt sanft und leicht den Hang hinauf. Oben angekommen dreht er sich vorsichtig um, setzt behutsam seine Kufen in den Schnee und schlittelt talw\u00e4rts.<\/p>\",\r\n      \"align\": \"top\",\r\n      \"row\": 27,\r\n      \"col\": 3,\r\n      \"colspan\": 6,\r\n      \"offsetx\": 0,\r\n      \"offsety\": 0,\r\n      \"spaceabove\": 0,\r\n      \"spacebelow\": 0,\r\n      \"yvel\": 1,\r\n      \"push\": 3,\r\n      \"relid\": 1266,\r\n      \"html_id\": \"watdo-text-8\"\r\n    },\r\n    {\r\n      \"type\": \"img\",\r\n      \"cont\": \"http:\/\/blog.mtr.zhdk.ch\/watdo\/wp-content\/uploads\/sites\/27\/2022\/05\/DSC25391_web.jpg\",\r\n      \"align\": \"top\",\r\n      \"row\": 28,\r\n      \"col\": 4,\r\n      \"colspan\": 4,\r\n      \"offsetx\": 0,\r\n      \"offsety\": 0,\r\n      \"spaceabove\": 0,\r\n      \"spacebelow\": 0,\r\n      \"yvel\": 1,\r\n      \"push\": 4,\r\n      \"relid\": 2455,\r\n      \"attid\": 85,\r\n      \"sizes\": {\r\n        \"full\": \"http:\/\/blog.mtr.zhdk.ch\/watdo\/wp-content\/uploads\/sites\/27\/2022\/05\/DSC25391_web.jpg\",\r\n        \"_1920\": \"http:\/\/blog.mtr.zhdk.ch\/watdo\/wp-content\/uploads\/sites\/27\/2022\/05\/DSC25391_web-1920x1280.jpg\",\r\n        \"_1280\": \"http:\/\/blog.mtr.zhdk.ch\/watdo\/wp-content\/uploads\/sites\/27\/2022\/05\/DSC25391_web-1280x853.jpg\",\r\n        \"_1024\": \"http:\/\/blog.mtr.zhdk.ch\/watdo\/wp-content\/uploads\/sites\/27\/2022\/05\/DSC25391_web-1024x683.jpg\",\r\n        \"_768\": \"http:\/\/blog.mtr.zhdk.ch\/watdo\/wp-content\/uploads\/sites\/27\/2022\/05\/DSC25391_web-768x512.jpg\",\r\n        \"_512\": \"http:\/\/blog.mtr.zhdk.ch\/watdo\/wp-content\/uploads\/sites\/27\/2022\/05\/DSC25391_web-512x341.jpg\",\r\n        \"_265\": \"http:\/\/blog.mtr.zhdk.ch\/watdo\/wp-content\/uploads\/sites\/27\/2022\/05\/DSC25391_web-265x177.jpg\"\r\n      },\r\n      \"w\": 2048,\r\n      \"h\": 1365,\r\n      \"ar\": 0.66650390625,\r\n      \"alt\": \"\",\r\n      \"html_id\": \"watdo-img-8\"\r\n    },\r\n    {\r\n      \"type\": \"text\",\r\n      \"cont\": \"<p class=\\\"_Default\\\">09<br \/>\u00abDas Andere als Riss\u00bb<br \/>Tillo Spreng<\/p><p class=\\\"_Default\\\">In \u00abDas Andere als Riss\u00bb geht es um die prozesshafte Erarbeitung einer Palette von Ausdrucksformen und um die Etablierung einer Sprache, die sich um das Andere im eigenen K\u00f6rper und das Eigene im Anderen drehen. Als Figur daf\u00fcr dient eine Wunde, die nicht zugef\u00fcgt wurde, sondern die schon da war.\u00a0<\/p>\",\r\n      \"align\": \"top\",\r\n      \"row\": 30,\r\n      \"col\": 3,\r\n      \"colspan\": 6,\r\n      \"offsetx\": 0,\r\n      \"offsety\": 0,\r\n      \"spaceabove\": 0,\r\n      \"spacebelow\": 0,\r\n      \"yvel\": 1,\r\n      \"push\": 3,\r\n      \"relid\": 2456,\r\n      \"frameOverflow\": \"\",\r\n      \"html_id\": \"watdo-text-9\"\r\n    },\r\n    {\r\n      \"type\": \"img\",\r\n      \"cont\": \"http:\/\/blog.mtr.zhdk.ch\/watdo\/wp-content\/uploads\/sites\/27\/2022\/05\/9_A.jpeg\",\r\n      \"align\": \"top\",\r\n      \"row\": 31,\r\n      \"col\": 5,\r\n      \"colspan\": 2,\r\n      \"offsetx\": 0,\r\n      \"offsety\": 0,\r\n      \"spaceabove\": 0,\r\n      \"spacebelow\": 0,\r\n      \"yvel\": 1,\r\n      \"push\": 5,\r\n      \"relid\": 3024,\r\n      \"attid\": 87,\r\n      \"sizes\": {\r\n        \"full\": \"http:\/\/blog.mtr.zhdk.ch\/watdo\/wp-content\/uploads\/sites\/27\/2022\/05\/9_A.jpeg\",\r\n        \"_1920\": \"http:\/\/blog.mtr.zhdk.ch\/watdo\/wp-content\/uploads\/sites\/27\/2022\/05\/9_A-1920x2875.jpeg\",\r\n        \"_1280\": \"http:\/\/blog.mtr.zhdk.ch\/watdo\/wp-content\/uploads\/sites\/27\/2022\/05\/9_A-1280x1916.jpeg\",\r\n        \"_1024\": \"http:\/\/blog.mtr.zhdk.ch\/watdo\/wp-content\/uploads\/sites\/27\/2022\/05\/9_A-1024x1533.jpeg\",\r\n        \"_768\": \"http:\/\/blog.mtr.zhdk.ch\/watdo\/wp-content\/uploads\/sites\/27\/2022\/05\/9_A-768x1150.jpeg\",\r\n        \"_512\": \"http:\/\/blog.mtr.zhdk.ch\/watdo\/wp-content\/uploads\/sites\/27\/2022\/05\/9_A-512x767.jpeg\",\r\n        \"_265\": \"http:\/\/blog.mtr.zhdk.ch\/watdo\/wp-content\/uploads\/sites\/27\/2022\/05\/9_A-265x397.jpeg\"\r\n      },\r\n      \"w\": 2160,\r\n      \"h\": 3234,\r\n      \"ar\": 1.4972222222222222,\r\n      \"alt\": \"\",\r\n      \"frameOverflow\": \"\",\r\n      \"html_id\": \"watdo-img-9\"\r\n    },\r\n    {\r\n      \"type\": \"text\",\r\n      \"cont\": \"<p class=\\\"_Default\\\">10<br \/>\u00abHouse of Textile Matters\u00bb<br \/>Lilla Wicki<\/p><p class=\\\"_Default\\\">How can I use my skills as a designer to stimulate change? By taking a closer look at material agency in art education, this research aims to unlock the transformative powers of historical textile archives.\u00a0By interlacing cognitive, sensory, and artistic approaches I am exploring strategies for museums to actively engage the public in current sustainability discourses\u00a0and empower their audiences to co-author and design new stories for the future.\u00a0<\/p>\",\r\n      \"align\": \"top\",\r\n      \"row\": 33,\r\n      \"col\": 3,\r\n      \"colspan\": 6,\r\n      \"offsetx\": 0,\r\n      \"offsety\": 0,\r\n      \"spaceabove\": 0,\r\n      \"spacebelow\": 0,\r\n      \"yvel\": 1,\r\n      \"push\": 3,\r\n      \"relid\": 6,\r\n      \"html_id\": \"watdo-text-10\"\r\n    },\r\n    {\r\n      \"type\": \"img\",\r\n      \"cont\": \"http:\/\/blog.mtr.zhdk.ch\/watdo\/wp-content\/uploads\/sites\/27\/2022\/05\/10_.jpg\",\r\n      \"align\": \"top\",\r\n      \"row\": 34,\r\n      \"col\": 4,\r\n      \"colspan\": 4,\r\n      \"offsetx\": 0,\r\n      \"offsety\": 0,\r\n      \"spaceabove\": 0,\r\n      \"spacebelow\": 0,\r\n      \"yvel\": 1,\r\n      \"push\": 4,\r\n      \"relid\": 3654,\r\n      \"attid\": 89,\r\n      \"sizes\": {\r\n        \"full\": \"http:\/\/blog.mtr.zhdk.ch\/watdo\/wp-content\/uploads\/sites\/27\/2022\/05\/10_.jpg\",\r\n        \"_1920\": \"http:\/\/blog.mtr.zhdk.ch\/watdo\/wp-content\/uploads\/sites\/27\/2022\/05\/10_-1920x1082.jpg\",\r\n        \"_1280\": \"http:\/\/blog.mtr.zhdk.ch\/watdo\/wp-content\/uploads\/sites\/27\/2022\/05\/10_-1280x721.jpg\",\r\n        \"_1024\": \"http:\/\/blog.mtr.zhdk.ch\/watdo\/wp-content\/uploads\/sites\/27\/2022\/05\/10_-1024x577.jpg\",\r\n        \"_768\": \"http:\/\/blog.mtr.zhdk.ch\/watdo\/wp-content\/uploads\/sites\/27\/2022\/05\/10_-768x433.jpg\",\r\n        \"_512\": \"http:\/\/blog.mtr.zhdk.ch\/watdo\/wp-content\/uploads\/sites\/27\/2022\/05\/10_-512x289.jpg\",\r\n        \"_265\": \"http:\/\/blog.mtr.zhdk.ch\/watdo\/wp-content\/uploads\/sites\/27\/2022\/05\/10_-265x149.jpg\"\r\n      },\r\n      \"w\": 2516,\r\n      \"h\": 1418,\r\n      \"ar\": 0.5635930047694754,\r\n      \"alt\": \"\",\r\n      \"html_id\": \"watdo-img-10\"\r\n    },\r\n    {\r\n      \"type\": \"text\",\r\n      \"cont\": \"<h2 class=\\\"_Topol_Title\\\">special walk-ins<\/h2><p>\u00a0<\/p><p style=\\\"line-height: 1;\\\"><span style=\\\"font-family: topol_bold-webfont; font-size: 36px;\\\">9.6. Opening<\/span><\/p><p class=\\\"_Default\\\">17:00 \u2013 19:00<br \/>TEMA \u2013 House of Textile Matters<br \/>von Lilian Wicki<br \/>Materialarchiv | Bibliothek ZHdK<br \/>Galeriegeschoss, 5. Etage<\/p><p class=\\\"_Default\\\">17:00 \u2013 19:00<br \/>Installationen von<br \/>Lilian Wicki und Oliver Brunko<br \/>7.K12 vor dem Konzertsaal<\/p><p class=\\\"_Default\\\">18:00<br \/>Opening wat do (mit Ap\u00e9ro)<\/p><p class=\\\"_Default\\\">19:00<br \/>Release \u00abListen!\u00bb<br \/>Jahrespublikation des Masters Transdisziplinarit\u00e4t<br \/>von und mit Studierenden<br \/>des Masters Transdisziplinarit\u00e4t<\/p><p class=\\\"_Default\\\" style=\\\"line-height: 1;\\\">\u00a0<\/p><p style=\\\"line-height: 1;\\\"><span style=\\\"font-family: topol_bold-webfont; font-size: 36px;\\\">16.6. wat move <\/span><br \/><span style=\\\"font-family: topol_bold-webfont; font-size: 36px;\\\">night edition<\/span><\/p><p class=\\\"_Default\\\">22:00\u2009\u2013\u200904:00<br \/>Party des Masters Transdisziplinarit\u00e4t <br \/>vor dem Konzertsaal, 7.K12\u2009<br \/>+\u2009Curateria des Master Art Education, 7.G01<\/p><p class=\\\"_Default\\\">mit cab, high.aif, <br \/>Merlin Kasimir, Rakita, <br \/>Tillup, vava_san und \u00aeiginal \u00a9py<\/p><p style=\\\"line-height: 1;\\\">\u00a0<\/p><p style=\\\"line-height: 1;\\\"><span style=\\\"font-family: topol_bold-webfont; font-size: 36px;\\\">22.6. der gro\u00dfe m\u00f6rder<br \/>ist ein gro\u00dfer kasper.<br \/>alles was er totschl\u00e4gt,<br \/>lebt lustig weiter<br \/><\/span><\/p><p class=\\\"_Default\\\">19:00<br \/>Live Podcast von Johannes Hoffmann<br \/>Curateria des MA Art Education, 7.G01<\/p><p>\u00a0<\/p><p style=\\\"line-height: 1;\\\"><span style=\\\"font-family: topol_bold-webfont; font-size: 36px;\\\">23.6.\u2009\u2013\u200923.07.<\/span><br \/><span style=\\\"font-family: topol_bold-webfont; font-size: 36px;\\\">(in)tangible otherness,<\/span><br \/><span style=\\\"font-family: topol_bold-webfont; font-size: 36px;\\\">towards eco-empathic <\/span><br \/><span style=\\\"font-family: topol_bold-webfont; font-size: 36px;\\\">listening<\/span><\/p><p class=\\\"_Default\\\">Ausstellung von<br \/>M\u00e9lia Roger und Olena Iegorova<br \/>Workshop: 2.6. 14:00 \u2013 17:00<br \/>On Curating, Ausstellungsstr. 16, Zu\u0308rich<\/p><p style=\\\"line-height: 1;\\\">\u00a0<\/p><p style=\\\"line-height: 1;\\\"><span style=\\\"font-family: topol_bold-webfont; font-size: 36px;\\\">24.6. Texturing Space.<\/span><br \/><span style=\\\"font-family: topol_bold-webfont; font-size: 36px;\\\">Towards an Exponential<\/span><br \/><span style=\\\"font-family: topol_bold-webfont; font-size: 36px;\\\">Cartography<\/span><\/p><p class=\\\"_Default\\\">Buchvernissage von<br \/>Am\u00e9lie Brisson-Darveau<br \/>und Christoph Brunner (Eds.)<\/p><p class=\\\"_Default\\\">mit Beitr\u00e4gen ehemaliger<br \/>Studierende des MA Transdisziplinarit\u00e4t<br \/>Material, Raum fu\u0308r Buchkultur<br \/>Klingenstr. 23, 8005 Zu\u0308rich<\/p>\",\r\n      \"align\": \"top\",\r\n      \"row\": 36,\r\n      \"col\": 3,\r\n      \"colspan\": 6,\r\n      \"offsetx\": 0,\r\n      \"offsety\": 0,\r\n      \"spaceabove\": 0,\r\n      \"spacebelow\": 0,\r\n      \"yvel\": 1,\r\n      \"push\": 3,\r\n      \"relid\": 8,\r\n      \"html_id\": \"events\",\r\n      \"classes\": \"watdo-modal-\"\r\n    },\r\n    {\r\n      \"type\": \"text\",\r\n      \"cont\": \"<p class=\\\"_Imprint\\\">MA Transdisziplinarit\u00e4t,\u00a0<br \/>Z\u00fcrcher Hochschule der K\u00fcnste<br \/><br \/>Verantwortlich f\u00fcr den Inhalt dieser Seite:<br \/>Yris Apsit, Adri\u00e1n Bracho, Oliver Brunko, Lovis Heuss, Johannes Hoffmann, Alan Maag, Merlin Pohl, Simon &amp; Odermatt, Tillo Spreng, Lilla Wicki<br \/><br \/>Gestaltung: Jan\u00a0Reimann &amp; Christiaan Gieben<br \/>Webseite: David\u00a0Simon<\/p>\",\r\n      \"align\": \"middle\",\r\n      \"row\": 38,\r\n      \"col\": 4,\r\n      \"colspan\": 4,\r\n      \"offsetx\": 0,\r\n      \"offsety\": 0,\r\n      \"spaceabove\": 0,\r\n      \"spacebelow\": 0,\r\n      \"yvel\": 1,\r\n      \"push\": 4,\r\n      \"relid\": 14,\r\n      \"frameOverflow\": \"\"\r\n    }\r\n  ]\r\n}","phonegrid":"","_links":{"self":[{"href":"https:\/\/blog.mtr.zhdk.ch\/watdo\/wp-json\/wp\/v2\/pages\/37","targetHints":{"allow":["GET"]}}],"collection":[{"href":"https:\/\/blog.mtr.zhdk.ch\/watdo\/wp-json\/wp\/v2\/pages"}],"about":[{"href":"https:\/\/blog.mtr.zhdk.ch\/watdo\/wp-json\/wp\/v2\/types\/page"}],"author":[{"embeddable":true,"href":"https:\/\/blog.mtr.zhdk.ch\/watdo\/wp-json\/wp\/v2\/users\/141"}],"replies":[{"embeddable":true,"href":"https:\/\/blog.mtr.zhdk.ch\/watdo\/wp-json\/wp\/v2\/comments?post=37"}],"version-history":[{"count":0,"href":"https:\/\/blog.mtr.zhdk.ch\/watdo\/wp-json\/wp\/v2\/pages\/37\/revisions"}],"wp:attachment":[{"href":"https:\/\/blog.mtr.zhdk.ch\/watdo\/wp-json\/wp\/v2\/media?parent=37"}],"curies":[{"name":"wp","href":"https:\/\/api.w.org\/{rel}","templated":true}]}}